{"id":98,"date":"2017-03-19T23:21:38","date_gmt":"2017-03-19T22:21:38","guid":{"rendered":"http:\/\/blaskapelle-usb.de\/?page_id=98"},"modified":"2020-05-12T16:00:01","modified_gmt":"2020-05-12T14:00:01","slug":"cronik","status":"publish","type":"page","link":"https:\/\/blaskapelle-usb.de\/?page_id=98","title":{"rendered":"Chronik"},"content":{"rendered":"<h1 style=\"text-align: center;\">Chronik<\/h1>\n<h2>Blasmusik in Unterschweinbach damals&#8230;<\/h2>\n<p>Ludwig Breitsameter, Jahrgang 1856, zu Lebzeiten ein angesehener B\u00fcrger, Schreinermeister und Kapellmeister, gr\u00fcndete 1918 mit 6 weiteren Musikern die erste Unterschweinbacher Blaskapelle. Sein Sohn\u00a0 Franz-Xaver Breitsameter, ebenfalls Schreiner- und Kapellmeister f\u00fchrte die Kapelle fort. Der Urenkel des Gr\u00fcnders, Bernhard Breitsameter, trat in die Fu\u00dfstapfen seiner Vorfahren und ist Dirigent der heutigen Blaskapelle Unterschweinbach.<\/p>\n<p><a href=\"https:\/\/blaskapelle-usb.de\/wp-content\/uploads\/CronikAlteBlaskapelle.jpg\"><img loading=\"lazy\" decoding=\"async\" class=\"aligncenter wp-image-284 size-medium\" src=\"https:\/\/blaskapelle-usb.de\/wp-content\/uploads\/CronikAlteBlaskapelle-300x212.jpg\" alt=\"\" width=\"300\" height=\"212\" srcset=\"https:\/\/blaskapelle-usb.de\/wp-content\/uploads\/CronikAlteBlaskapelle-300x212.jpg 300w, https:\/\/blaskapelle-usb.de\/wp-content\/uploads\/CronikAlteBlaskapelle-768x543.jpg 768w, https:\/\/blaskapelle-usb.de\/wp-content\/uploads\/CronikAlteBlaskapelle-1024x724.jpg 1024w, https:\/\/blaskapelle-usb.de\/wp-content\/uploads\/CronikAlteBlaskapelle-1x1.jpg 1w\" sizes=\"(max-width: 300px) 100vw, 300px\" \/><\/a><\/p>\n<h2>Blasmusik in Unterschweinbach Heute&#8230;<\/h2>\n<p>Am 13. Oktober 2006 fand mit ca. 17 zw\u00f6lf- bis dreizehn j\u00e4hrigen Musikern, wovon ein gro\u00dfer Teil aus der ersten Bl\u00e4serklasse der Realschule Maisach stammte, unser erstes Treffen in der Sportgastst\u00e4tte in Oberweikertshofen statt. Mit dabei waren auch einige Eltern und Bernhard Breitsameter, der die Funktion des Dirigenten \u00fcbernahm.<\/p>\n<p><a href=\"https:\/\/blaskapelle-usb.de\/wp-content\/uploads\/CronikErsteProbe.jpg\"><img loading=\"lazy\" decoding=\"async\" class=\"aligncenter wp-image-285 size-medium\" src=\"https:\/\/blaskapelle-usb.de\/wp-content\/uploads\/CronikErsteProbe-300x225.jpg\" alt=\"\" width=\"300\" height=\"225\" srcset=\"https:\/\/blaskapelle-usb.de\/wp-content\/uploads\/CronikErsteProbe-300x225.jpg 300w, https:\/\/blaskapelle-usb.de\/wp-content\/uploads\/CronikErsteProbe-768x576.jpg 768w, https:\/\/blaskapelle-usb.de\/wp-content\/uploads\/CronikErsteProbe-1024x768.jpg 1024w, https:\/\/blaskapelle-usb.de\/wp-content\/uploads\/CronikErsteProbe-1x1.jpg 1w\" sizes=\"(max-width: 300px) 100vw, 300px\" \/><\/a><\/p>\n<p>Dieser erkl\u00e4rte, was von N\u00f6ten war, um eine eigene Blaskapelle auf die Beine zu stellen. Wir begannen im Sitzungssaal des Rathauses der Gemeinde Egenhofen mit unseren Proben. Da viele gerade erst begonnen hatten, ein Instrument zu spielen war es wichtig, dass alle von uns Musikunterricht erhielten. Somit wurden fast alle Mitglied im Musikverein Egenhofen, in dem die Blaskapelle bis heute als eigene Abteilung gef\u00fchrt wird.<\/p>\n<p>Im Februar 2007 hat Sabine Wilhelm das Amt der Abteilungsleitung der Blaskapelle \u00fcbernommen und \u00fcbt es seitdem aus. Nachdem wir flei\u00dfig geprobt hatten, fand am 24. Juni 2007 beim Dorffest in Aufkirchen unser erster Auftritt mit ca. 20 jungen Musikern statt.<\/p>\n<p>Im Jahr 2007 hatten wir noch acht weitere Auftritte, zum Beispiel die Einweihung des Feuerwehrhauses der Freiwilligen Feuerwehr Unterschweinbach oder die Lebende Krippe in Unterschweinbach.<\/p>\n<p>Im Januar 2008 sind wir vom Rathaus der Gemeinde Egenhofen in das neue Feuerwehrhaus in Unterschweinbach gezogen. Dort proben wir seitdem im Dachgeschoss. Unser neuer Proberaum wurde mit dem wichtigsten Equipment, das eine Blaskapelle braucht, ausgestattet. Im Februar 2008 haben wir das erste Mal unser neu entworfenes Wappen pr\u00e4sentiert.<\/p>\n<p>Nachdem wir bei unseren ersten Auftritten als Blaskapelle nur in Zivil aufgetreten sind, wurde eine einheitliche Tracht angeschafft. Diese zeigten wir zum ersten Mal beim Maibaumaufstellen in Unterschweinbach 2008.<\/p>\n<p>F\u00fcr den Auftritt im April 2009 beim Fest des Krieger- und Veteranenverein Unterschweinbach wurde kr\u00e4ftig das Marschieren ge\u00fcbt, so konnten wir ohne Weiteres die Vereine in Empfang nehmen und diese zum Festplatz musikalisch begleiten. Seit Mai 2009 wird die Blaskapelle von F\u00f6rdermitgliedern mit einem Jahresbeitrag finanziell\u00a0 unterst\u00fctzt.<\/p>\n<p>Um mit der Zeit zu gehen, wurde im Jahr 2010 eine Internetseite (www.Blaskapelle-USB.de) f\u00fcr unsere Blaskapelle eingerichtet. Dort sind Bilder von unseren Auftritten und Informationen \u00fcber uns zu finden.<\/p>\n<h2>Unser Fr\u00fchschoppen\u2026<\/h2>\n<p>Zu einer der beliebtesten Veranstaltungen der Gemeine ist unser j\u00e4hrlicher Fr\u00fchschoppen geworden. Seit 2010 findet dieser jeden dritten Sonntag im Juli nach dem Gottesdienst zum Jahrestag der Freiwilligen Feuerwehr Unterschweinbach statt. Durch die tatkr\u00e4ftige Unterst\u00fctzung von Jungmusikanten und Trommlerzug k\u00f6nnen wir unsere G\u00e4ste bis Sp\u00e4tnachmittag mit echter bayerischer Blasmusik unterhalten. Nur durch die flei\u00dfigen Helferinnen und Helfer kann dieses Fest jedes Jahr so gut gelingen.<\/p>\n<p><a href=\"https:\/\/blaskapelle-usb.de\/wp-content\/uploads\/CronikFr\u00fchschoppen.jpg\"><img loading=\"lazy\" decoding=\"async\" class=\"aligncenter wp-image-286 size-medium\" src=\"https:\/\/blaskapelle-usb.de\/wp-content\/uploads\/CronikFr\u00fchschoppen-300x200.jpg\" alt=\"\" width=\"300\" height=\"200\" srcset=\"https:\/\/blaskapelle-usb.de\/wp-content\/uploads\/CronikFr\u00fchschoppen-300x200.jpg 300w, https:\/\/blaskapelle-usb.de\/wp-content\/uploads\/CronikFr\u00fchschoppen-768x512.jpg 768w, https:\/\/blaskapelle-usb.de\/wp-content\/uploads\/CronikFr\u00fchschoppen-1024x683.jpg 1024w, https:\/\/blaskapelle-usb.de\/wp-content\/uploads\/CronikFr\u00fchschoppen-2x1.jpg 2w\" sizes=\"(max-width: 300px) 100vw, 300px\" \/><\/a><br \/>\nEin sehr besonderer Auftritt, und auch der Erste in dieser Gr\u00f6\u00dfe, war die Fahnenweihe des Burschenverein Unterschweinbach im September 2010. Den Samstag und Sonntag haben wir musikalisch begleitet und der\u00a0 kr\u00f6nende Abschluss war f\u00fcr uns der gro\u00dfe Festumzug durch Unterschweinbach, den wir anf\u00fchren durften.<\/p>\n<p>Im Januar 2012 durften wir am Neujahrskonzert in der Turnhalle Oberweikertshofen mitwirken. Neben der Blaskapelle Langerringen und dem Bariton Peter Huber haben auch wir das Konzert mitgestaltet.<\/p>\n<p>Zu Beginn des Jahres 2012 wurden Jungmusikanten als eine Art Vororchester gegr\u00fcndet. Ihr Ziel ist es vor allem junge und in Blaskapellen nicht sehr erfahrene Musiker an die Blaskapelle heranzuf\u00fchren und sie sp\u00e4ter in diese zu integrieren.<\/p>\n<h2>Unser Jubil\u00e4umskonzert\u2026<\/h2>\n<p>Zum f\u00fcnften Geburtstag unseres Vereins veranstalteten wir im M\u00e4rz 2012 in der Turnhalle G\u00fcnzlhofen ein Jubil\u00e4umskonzert. Zusammen mit dem Liederkranz Aufkirchen, der Singschar und dem Jugendchor G\u00fcnzlhofen gaben wir moderne St\u00fccke und traditionelle Blasmusik zum Besten. Auf dem Programm standen unter anderem St\u00fccke wie ABBA Gold und ein Medley von den Beatles, welche den Zuh\u00f6rern und Musikern gro\u00dfen Spa\u00df bereiteten.<\/p>\n<p><a href=\"https:\/\/blaskapelle-usb.de\/wp-content\/uploads\/CronikFuenfJahre.jpg\"><img loading=\"lazy\" decoding=\"async\" class=\"aligncenter size-medium wp-image-287\" src=\"https:\/\/blaskapelle-usb.de\/wp-content\/uploads\/CronikFuenfJahre-300x200.jpg\" alt=\"\" width=\"300\" height=\"200\" srcset=\"https:\/\/blaskapelle-usb.de\/wp-content\/uploads\/CronikFuenfJahre-300x200.jpg 300w, https:\/\/blaskapelle-usb.de\/wp-content\/uploads\/CronikFuenfJahre-768x512.jpg 768w, https:\/\/blaskapelle-usb.de\/wp-content\/uploads\/CronikFuenfJahre-1024x683.jpg 1024w, https:\/\/blaskapelle-usb.de\/wp-content\/uploads\/CronikFuenfJahre-2x1.jpg 2w\" sizes=\"(max-width: 300px) 100vw, 300px\" \/><\/a><\/p>\n<p>Die Fahnenweihe des Burschenverein Rottbach im Juni 2012 haben wir tatkr\u00e4ftig unterst\u00fctzt. Um 06:00 Uhr ging\u00b4s mit dem Weckruf f\u00fcr uns los, danach Kirchenzug, Mittagessen und am Nachmittag noch der gro\u00dfe Festumzug durch Rottbach.<\/p>\n<p>Beim Wertungsspiel des Bezirksmusikverbands Amper e. V. in Mammendorf 2013 waren wir nat\u00fcrlich mit von der Partie. Im Bereich \u201etraditionelle Blasmusik\u201c erreichten wir das Pr\u00e4dikat \u201esehr gut\u201c.<\/p>\n<p>Seit dem August 2013 ist auch der damals neu ins Leben gerufene Trommlerzug Teil der Blaskapelle. Entstanden ist dieser nach Bestreben von Dirigent Bernhard Breitsameter, der die bei uns untypischen, jedoch im Voralpenland weit verbreiteten Trommlerz\u00fcge immer schon bewundert hat. Um die marschierenden Musiker zu entlasten, sollte auch in Unterschweinbach ein solcher aufgebaut werden. Nach einem ersten Treffen im Fr\u00fchjahr 2013 zeigte sich ein reges Interesse an diesem Vorhaben, weshalb bereits im August mit den ersten Proben begonnen werden konnte. Nach einer halbj\u00e4hrigen \u201eSchnupperphase\u201c, in der auf geliehenen Trommeln ge\u00fcbt wurde, wurden im Fr\u00fchling 2014 eigene und einheitliche Trommeln beschafft.Der Trommlerzug verst\u00e4rkt uns bei Umz\u00fcgen. W\u00e4hrend wir nicht spielen, spielt der Trommlerzug eines seiner St\u00fccke. So rei\u00dft die Musik nie ab.<\/p>\n<h2>Unsere gemeinsame Zeit\u2026<\/h2>\n<p>Ein fester Bestandteil ist mittlerweile das Probewochenende geworden. 2012 in Wartaweil, probten wir unter anderem f\u00fcr unser 5 j\u00e4hriges Jubil\u00e4umskonzert. 2013 und 2014 auf dem Stettenhof bei M\u00f6dingen und 2015 im Allg\u00e4u, wo wir uns unter anderem auch f\u00fcr unser Neujahrskonzert 2016 musikalisch vorbereitet haben. Nicht nur die Proben, die tags\u00fcber ca. 6-8 Stunden stattfanden, sondern auch die geselligen Abende haben unsere Gemeinschaft gest\u00e4rkt. Oft schon haben wir uns nach langen Proben die halbe Nacht mit Wattturnieren und kickern um die Ohren geschlagen.<\/p>\n<p>Ein absolutes Highlight f\u00fcr einen Teil unserer Musiker war die Rundreise im September 2011 durch Amerika. \u00dcber Toronto ging es weiter nach Washington und dann zur Steuben-Parade auf die Fifth-Avenue nach New York. Auf dem Programm standen unter anderem ein St\u00e4ndchen f\u00fcr Barack Obama vor dem Wei\u00dfen Haus, ein Auftritt im Western Club und ein Spontanauftritt an den \u201eNiagara Falls\u201c. Dieser wurde<br \/>\nsogar im Amerikanischen Fernsehen ausgestrahlt. F\u00fcr alle die dabei waren, war es eine unvergessliche Reise.<\/p>\n<p>Inzwischen ist die Blaskapelle aus dem Gemeindeleben nicht mehr wegzudenken. Bei wichtigen Veranstaltungen wie zum Beispiel das Maibaumaufstellen in Unterschweinbach, das Sauessen und die Lebende Krippe der freiwilligen Feuerwehr Unterschweinbach, das Dorffest Aufkirchen und der Christkindlmarkt in Egenhofen sowie bei der Bergmesse am Tag der Deutschen Einheit, sind wir immer vertreten.<\/p>\n<h2><strong><u>2016 bis 2019<\/u><\/strong><\/h2>\n<p><strong>Zehnj\u00e4hriges Jubil\u00e4um<\/strong><\/p>\n<p>Unser Zehnj\u00e4hriges Bestehen haben wir bereits im Januar 2016 mit einem Neujahrskonzert gefeiert. Hier wurden wir tatkr\u00e4ftig vom Trommlerzug, den Jungmusikanten, der Liedertafel Aufkirchen und der Singschar G\u00fcnzlhofen unterst\u00fctzt. Der H\u00f6hepunkt unseres Jubil\u00e4umsjahres war aber unser Festwochenende im Mai. Er\u00f6ffnet wurde das Wochenende unter dem Motto \u201eSchoamba rockt!\u201c mit der Band \u201eFeierdog\u201c und am Samstag str\u00f6mten die Leute zum \u201eBayerischen Abend\u201c mit Roland Hefter in die Zellerhalle. Der Festsonntag begann mit einem Weckruf, anschlie\u00dfendem Wei\u00dfwurstfr\u00fchschoppen und darauf folgte nat\u00fcrlich der Festgottesdienst. Gr\u00f6\u00dftes Highlight war der Festumzug durch Unterschweinbach bei sch\u00f6nstem Wetter.<\/p>\n<p>Nach dem aufregendem Jahr 2016 haben wir es in der darauffolgenden Zeit nat\u00fcrlich ruhiger angehen lassen.\u00a0 Im Jahr 2017 richteten wir erstmals unseren Fr\u00fchschoppen im Oswaldhof aus, da der Dorfplatz Unterschweinbach wegen Bauarbeiten nicht zug\u00e4nglich war.<\/p>\n<p>Au\u00dferdem untermalten wir in diesem Jahr die Primiz von Thomas Weinzierl in Egenhofen musikalisch.<\/p>\n<p><a href=\"https:\/\/blaskapelle-usb.de\/wp-content\/uploads\/Umzug1.jpg\"><img loading=\"lazy\" decoding=\"async\" class=\"wp-image-1215 aligncenter\" src=\"https:\/\/blaskapelle-usb.de\/wp-content\/uploads\/Umzug1-300x200.jpg\" alt=\"\" width=\"393\" height=\"262\" srcset=\"https:\/\/blaskapelle-usb.de\/wp-content\/uploads\/Umzug1-300x200.jpg 300w, https:\/\/blaskapelle-usb.de\/wp-content\/uploads\/Umzug1-768x512.jpg 768w, https:\/\/blaskapelle-usb.de\/wp-content\/uploads\/Umzug1-1x1.jpg 1w, https:\/\/blaskapelle-usb.de\/wp-content\/uploads\/Umzug1.jpg 1000w\" sizes=\"(max-width: 393px) 100vw, 393px\" \/><\/a><\/p>\n<p>2018 wurde nach zw\u00f6lfj\u00e4hriger T\u00e4tigkeit als erste Abteilungsleitung Sabine Wilhelm von Veronika Neumair abgel\u00f6st.<\/p>\n<p>Auch in diesem Jahr gab es wieder einige musikalische Highlights: Neben einigen Hochzeiten und Fahnenweihen, die wir begleitet haben, durften wir auch auf der Interforst, einer Forstmesse, w\u00e4hrend der Unterzeichnung des Waldpakts im Festzelt spielen. Au\u00dferdem waren wir Festkapelle f\u00fcr das Gr\u00fcndungsfest der B\u00f6llersch\u00fctzen Tegernbach.<\/p>\n<p>Die gr\u00f6\u00dfte Freude hat uns aber eine Einladung nach Frankfurt am Main bereitet. Hier wurden wir vom Deutschen Orden eingeladen, den Gottesdienst und das Pfarrfest rund um Christi Himmelfahrt zu feiern. Dieser Auftritt wurde von beiden Seiten so positiv angenommen, dass man sich kurzerhand zu einem 25-Jahresvertrag verpflichtete.<\/p>\n<p>Nat\u00fcrlich kam auch unsere gemeinsame Zeit nicht zu kurz. Im Mai besuchten wir die Brauerei Riedenburg und machten anschlie\u00dfend auf dem Bayern 3 Partyschiff die Nacht zum Tag. Au\u00dferdem haben wir im November wieder ein Probewochenende im Allg\u00e4u verbracht, um uns auf unser\u00a0 Konzert vorzubereiten.<\/p>\n<p>Im Juli 2019 stand n\u00e4mlich erstmals eine Sommernacht in Schoamba auf dem Programm. Hierf\u00fcr haben wir aus dem Dorfplatz Unterschweinbach eine wunderbare Open-Air B\u00fchne gezaubert. In dieser lauen Julinacht haben wir zusammen mit dem Trommlerzug, den Jungmusikanten und den Jagdhornbl\u00e4sern ein unvergessliches Konzert gestaltet. Aufgrund der positiven Resonanz werden wir dieses Fest mit Sicherheit wiederholen.<\/p>\n<p><a href=\"https:\/\/blaskapelle-usb.de\/wp-content\/uploads\/Auftritt1.jpg\"><img loading=\"lazy\" decoding=\"async\" class=\"aligncenter wp-image-1216 size-large\" src=\"https:\/\/blaskapelle-usb.de\/wp-content\/uploads\/Auftritt1-1024x683.jpg\" alt=\"\" width=\"654\" height=\"436\" srcset=\"https:\/\/blaskapelle-usb.de\/wp-content\/uploads\/Auftritt1-1024x683.jpg 1024w, https:\/\/blaskapelle-usb.de\/wp-content\/uploads\/Auftritt1-300x200.jpg 300w, https:\/\/blaskapelle-usb.de\/wp-content\/uploads\/Auftritt1-768x512.jpg 768w, https:\/\/blaskapelle-usb.de\/wp-content\/uploads\/Auftritt1-2x1.jpg 2w, https:\/\/blaskapelle-usb.de\/wp-content\/uploads\/Auftritt1.jpg 1800w\" sizes=\"(max-width: 654px) 100vw, 654px\" \/><\/a><\/p>\n","protected":false},"excerpt":{"rendered":"<p>Chronik Blasmusik in Unterschweinbach damals&#8230; Ludwig Breitsameter, Jahrgang 1856, zu Lebzeiten ein angesehener B\u00fcrger, Schreinermeister und Kapellmeister, gr\u00fcndete 1918 mit 6 weiteren Musikern die erste Unterschweinbacher Blaskapelle. Sein Sohn\u00a0 Franz-Xaver Breitsameter, ebenfalls Schreiner- und Kapellmeister f\u00fchrte die Kapelle fort. Der Urenkel des Gr\u00fcnders, Bernhard Breitsameter, trat in die Fu\u00dfstapfen seiner Vorfahren und ist Dirigent der [&hellip;]<\/p>\n","protected":false},"author":7,"featured_media":0,"parent":0,"menu_order":0,"comment_status":"closed","ping_status":"closed","template":"","meta":{"footnotes":""},"class_list":["post-98","page","type-page","status-publish","hentry"],"_links":{"self":[{"href":"https:\/\/blaskapelle-usb.de\/index.php?rest_route=\/wp\/v2\/pages\/98"}],"collection":[{"href":"https:\/\/blaskapelle-usb.de\/index.php?rest_route=\/wp\/v2\/pages"}],"about":[{"href":"https:\/\/blaskapelle-usb.de\/index.php?rest_route=\/wp\/v2\/types\/page"}],"author":[{"embeddable":true,"href":"https:\/\/blaskapelle-usb.de\/index.php?rest_route=\/wp\/v2\/users\/7"}],"replies":[{"embeddable":true,"href":"https:\/\/blaskapelle-usb.de\/index.php?rest_route=%2Fwp%2Fv2%2Fcomments&post=98"}],"version-history":[{"count":24,"href":"https:\/\/blaskapelle-usb.de\/index.php?rest_route=\/wp\/v2\/pages\/98\/revisions"}],"predecessor-version":[{"id":1219,"href":"https:\/\/blaskapelle-usb.de\/index.php?rest_route=\/wp\/v2\/pages\/98\/revisions\/1219"}],"wp:attachment":[{"href":"https:\/\/blaskapelle-usb.de\/index.php?rest_route=%2Fwp%2Fv2%2Fmedia&parent=98"}],"curies":[{"name":"wp","href":"https:\/\/api.w.org\/{rel}","templated":true}]}}